{"id":159,"date":"2023-09-13T15:31:02","date_gmt":"2023-09-13T13:31:02","guid":{"rendered":"http:\/\/localhost\/impressum\/"},"modified":"2023-11-10T09:48:23","modified_gmt":"2023-11-10T08:48:23","slug":"impressum","status":"publish","type":"page","link":"https:\/\/www.fondationcasafair.ch\/fr\/impressum\/","title":{"rendered":"Impressum"},"content":{"rendered":"<div class=\"et_pb_row et_pb_row_1 et_pb_row_4col\">\n<div class=\"et_pb_column et_pb_column_1_4 et_pb_column_1 et_pb_css_mix_blend_mode_passthrough\">\n<div class=\"et_pb_module et_pb_text et_pb_text_0 et_pb_text_align_left et_pb_bg_layout_light\">\n<div class=\"et_pb_text_inner\">\n<h1>Impressum<\/h1>\n<h2 class=\"p1\"><strong>Responsable<\/strong><\/h2>\n<p class=\"p1\">Fondation Casafair, Bollwerk 35, 3011 Berne<br \/>\nSi\u00e8ge de la fondation: c\/o 5 Architekten AG, Klosterstrasse 42A, 5430 Wettingen<br \/>\nUID: <span id=\"lblFirmId\">CHE-401.590.581<\/span><\/p>\n<h2 class=\"p1\"><strong>Logo Design<\/strong><\/h2>\n<\/div>\n<\/div>\n<\/div>\n<div class=\"et_pb_column et_pb_column_1_4 et_pb_column_2 et_pb_css_mix_blend_mode_passthrough\">\n<div class=\"et_pb_module et_pb_text et_pb_text_2 et_pb_text_align_left et_pb_bg_layout_light\">\n<div class=\"et_pb_text_inner\">\n<p class=\"p1\">Clerici Partner Design, Mu\u0308nstergasse 18a, 8001 Zu\u0308rich, <a href=\"https:\/\/www.clerici-partner.ch\/\"www.clerici-partner.ch\/ target=\"_blank\" target=\"_blank\" rel=\"noopener noreferrer\">www.clerici-partner.ch<\/a><\/p>\n<\/div>\n<\/div>\n<\/div>\n<div class=\"et_pb_column et_pb_column_1_4 et_pb_column_3 et_pb_css_mix_blend_mode_passthrough\">\n<div class=\"et_pb_module et_pb_text et_pb_text_3 et_pb_text_align_left et_pb_bg_layout_light\">\n<div class=\"et_pb_text_inner\">\n<h2 class=\"p1\">Conception &amp; r\u00e9alisation du site web<\/h2>\n<p class=\"p1\">Rettenmund Solutions, Kollerweg 9, 3006 Bern, <a href=\"https:\/\/rettenmund.com\/\"rettenmund.com\/ target=\"_blank\" target=\"_blank\" rel=\"noopener noreferrer\">rettenmund.com<\/a><\/p>\n<\/div>\n<\/div>\n<\/div>\n<div class=\"et_pb_column et_pb_column_1_4 et_pb_column_4 et_pb_css_mix_blend_mode_passthrough et-last-child\">\n<div class=\"et_pb_module et_pb_text et_pb_text_4 et_pb_text_align_left et_pb_bg_layout_light\">\n<div class=\"et_pb_text_inner\">\n<h2 class=\"p1\"><strong>Hosting<\/strong><\/h2>\n<p class=\"p1\">cyon GmbH, Brunng\u00e4sslein 12, 4052 Basel, <a href=\"https:\/\/www.cyon.ch\/legal\/impressum\"www.cyon.ch\/legal\/impressum target=\"_blank\" target=\"_blank\" rel=\"noopener noreferrer\">www.cyon.ch<\/a><\/p>\n<\/div>\n<\/div>\n<div class=\"et_pb_module et_pb_text et_pb_text_5 et_pb_text_align_left et_pb_bg_layout_light\">\n<div class=\"et_pb_text_inner\">\n<h2 class=\"p1\"><strong>Agences photo<\/strong><\/h2>\n<p><a href=\"https:\/\/www.pexels.com\/de-de\/\"www.pexels.com\/de-de\/ target=\"_blank\">www.pexels.com\/de-de\/<\/a><\/p>\n<\/div>\n<div class=\"et_pb_row et_pb_row_2\">\n<div class=\"et_pb_column et_pb_column_4_4 et_pb_column_5 et_pb_css_mix_blend_mode_passthrough et-last-child\">\n<div class=\"et_pb_module et_pb_text et_pb_text_6 et_pb_text_align_left et_pb_bg_layout_light\">\n<div class=\"et_pb_text_inner\">\n<h2 class=\"p1\"><strong>Protection des donn\u00e9es<\/strong><\/h2>\n<p>Pour plus d\u2019informations sur la protection des donn\u00e9es, vous pouvez visiter la page suivante <a href=\"https:\/\/www.fondationcasafair.ch\/fr\/protection-des-donnees\/\"www.fondationcasafair.ch\/fr\/protection-des-donnees\/ target=\"_blank\">D\u00e9claration de protection des donn\u00e9es<\/a><\/p>\n<\/div>\n<\/div>\n<div class=\"et_pb_module et_pb_text et_pb_text_7 et_pb_text_align_left et_pb_bg_layout_light\">\n<div class=\"et_pb_text_inner\">\n<h2><strong>Mentions l\u00e9gales<\/strong><\/h2>\n<p><strong>Clause de non-responsabilit\u00e9<br \/>\n<\/strong>La Fondation Casafair \u00e9labore et g\u00e8re le pr\u00e9sent site en toute bonne foi, mais ne garantit pas que les informations et les offres fournies sont exactes et compl\u00e8tes. Toutes les offres sont sans engagement. La Fondation Casafair se r\u00e9serve express\u00e9ment le droit de modifier, de compl\u00e9ter ou de supprimer certains \u00e9l\u00e9ments du site ou l\u2019int\u00e9gralit\u00e9 de l\u2019offre sans pr\u00e9avis, ou de suspendre la publication de mani\u00e8re provisoire ou d\u00e9finitive. La Fondation Casafair ne saurait \u00eatre responsable en cas de dommages de nature mat\u00e9rielle ou immat\u00e9rielle r\u00e9sultant de l\u2019acc\u00e8s, de l\u2019utilisation ou de la non-utilisation des informations publi\u00e9es, d\u2019une mauvaise utilisation de la connexion ou de probl\u00e8mes techniques.<\/p>\n<p><strong>Droits d\u2019auteur<br \/>\n<\/strong>Les droits d\u2019auteur et tous les autres droits sur le contenu, les images, photos, vid\u00e9os ou d\u2019autres fichiers du pr\u00e9sent site appartiennent exclusivement \u00e0 la Fondation ou aux d\u00e9tenteurs de droits sp\u00e9cifiquement nomm\u00e9s. Sauf mention contraire, la reproduction de tout \u00e9l\u00e9ment n\u00e9cessite l\u2019accord \u00e9crit pr\u00e9alable des d\u00e9tenteurs des droits d\u2019auteur.<\/p>\n<p><strong>Remarque concernant la responsabilit\u00e9<\/strong><br \/>\nMalgr\u00e9 leur contr\u00f4le soigneux, la Fondation et ses sections ne sont pas responsables pour le contenu d\u2019autres pages web indiqu\u00e9es par lien. Pour ces pages, seuls leurs administrateurs sont responsables.<\/p>\n<p><strong>Formulations neutres<\/strong><br \/>\nHabitatDurable veille aux formulations neutres en mati\u00e8re de genre. L\u2019emploi de la forme masculine sur certaines pages du pr\u00e9sent site internet sert uniquement \u00e0 une meilleure lisibilit\u00e9. Naturellement, la forme f\u00e9minine est toujours impliqu\u00e9e.<\/p>\n<\/div>\n<\/div>\n<\/div>\n<\/div>\n<\/div>\n<\/div>\n<\/div>\n","protected":false},"excerpt":{"rendered":"<p>Impressum Responsable Fondation Casafair, Bollwerk 35, 3011 Berne Si\u00e8ge de la fondation: c\/o 5 Architekten AG, Klosterstrasse 42A, 5430 Wettingen UID: CHE-401.590.581 Logo Design Clerici Partner Design, Mu\u0308nstergasse 18a, 8001 Zu\u0308rich, www.clerici-partner.ch Conception &amp; r\u00e9alisation du site web Rettenmund Solutions, &hellip; <a href=\"https:\/\/www.fondationcasafair.ch\/fr\/impressum\/\">Lire la suite <span class=\"meta-nav\">&rarr;<\/span><\/a><\/p>\n","protected":false},"author":1,"featured_media":125,"parent":0,"menu_order":0,"comment_status":"closed","ping_status":"closed","template":"page-vollebreite.php","meta":{"_acf_changed":false,"footnotes":""},"class_list":["post-159","page","type-page","status-publish","has-post-thumbnail","hentry","has-featured-image"],"acf":[],"yoast_head":"<!-- This site is optimized with the Yoast SEO plugin v27.3 - https:\/\/yoast.com\/product\/yoast-seo-wordpress\/ -->\n<title>Impressum - Fondation Casafair<\/title>\n<meta name=\"robots\" content=\"index, follow, max-snippet:-1, max-image-preview:large, max-video-preview:-1\" \/>\n<link rel=\"canonical\" href=\"https:\/\/www.fondationcasafair.ch\/fr\/impressum\/\" \/>\n<meta property=\"og:locale\" content=\"fr_FR\" \/>\n<meta property=\"og:type\" content=\"article\" \/>\n<meta property=\"og:title\" content=\"Impressum - Fondation Casafair\" \/>\n<meta property=\"og:description\" content=\"Impressum Responsable Fondation Casafair, Bollwerk 35, 3011 Berne Si\u00e8ge de la fondation: c\/o 5 Architekten AG, Klosterstrasse 42A, 5430 Wettingen UID: CHE-401.590.581 Logo Design Clerici Partner Design, Mu\u0308nstergasse 18a, 8001 Zu\u0308rich, www.clerici-partner.ch Conception &amp; r\u00e9alisation du site web Rettenmund Solutions, &hellip; Lire la suite &rarr;\" \/>\n<meta property=\"og:url\" content=\"https:\/\/www.fondationcasafair.ch\/fr\/impressum\/\" \/>\n<meta property=\"og:site_name\" content=\"Fondation Casafair\" \/>\n<meta property=\"article:modified_time\" content=\"2023-11-10T08:48:23+00:00\" \/>\n<meta property=\"og:image\" content=\"https:\/\/www.fondationcasafair.ch\/wp-content\/uploads\/2023\/09\/header_front.jpg\" \/>\n\t<meta property=\"og:image:width\" content=\"1899\" \/>\n\t<meta property=\"og:image:height\" content=\"360\" \/>\n\t<meta property=\"og:image:type\" content=\"image\/jpeg\" \/>\n<meta name=\"twitter:card\" content=\"summary_large_image\" \/>\n<meta name=\"twitter:label1\" content=\"Est. reading time\" \/>\n\t<meta name=\"twitter:data1\" content=\"2 minutes\" \/>\n<script type=\"application\/ld+json\" class=\"yoast-schema-graph\">{\"@context\":\"https:\\\/\\\/schema.org\",\"@graph\":[{\"@type\":\"WebPage\",\"@id\":\"https:\\\/\\\/www.fondationcasafair.ch\\\/fr\\\/impressum\\\/\",\"url\":\"https:\\\/\\\/www.fondationcasafair.ch\\\/fr\\\/impressum\\\/\",\"name\":\"Impressum - Fondation Casafair\",\"isPartOf\":{\"@id\":\"https:\\\/\\\/www.fondationcasafair.ch\\\/fr\\\/#website\"},\"primaryImageOfPage\":{\"@id\":\"https:\\\/\\\/www.fondationcasafair.ch\\\/fr\\\/impressum\\\/#primaryimage\"},\"image\":{\"@id\":\"https:\\\/\\\/www.fondationcasafair.ch\\\/fr\\\/impressum\\\/#primaryimage\"},\"thumbnailUrl\":\"https:\\\/\\\/www.fondationcasafair.ch\\\/wp-content\\\/uploads\\\/2023\\\/09\\\/header_front.jpg\",\"datePublished\":\"2023-09-13T13:31:02+00:00\",\"dateModified\":\"2023-11-10T08:48:23+00:00\",\"breadcrumb\":{\"@id\":\"https:\\\/\\\/www.fondationcasafair.ch\\\/fr\\\/impressum\\\/#breadcrumb\"},\"inLanguage\":\"fr-FR\",\"potentialAction\":[{\"@type\":\"ReadAction\",\"target\":[\"https:\\\/\\\/www.fondationcasafair.ch\\\/fr\\\/impressum\\\/\"]}]},{\"@type\":\"ImageObject\",\"inLanguage\":\"fr-FR\",\"@id\":\"https:\\\/\\\/www.fondationcasafair.ch\\\/fr\\\/impressum\\\/#primaryimage\",\"url\":\"https:\\\/\\\/www.fondationcasafair.ch\\\/wp-content\\\/uploads\\\/2023\\\/09\\\/header_front.jpg\",\"contentUrl\":\"https:\\\/\\\/www.fondationcasafair.ch\\\/wp-content\\\/uploads\\\/2023\\\/09\\\/header_front.jpg\",\"width\":1899,\"height\":360},{\"@type\":\"BreadcrumbList\",\"@id\":\"https:\\\/\\\/www.fondationcasafair.ch\\\/fr\\\/impressum\\\/#breadcrumb\",\"itemListElement\":[{\"@type\":\"ListItem\",\"position\":1,\"name\":\"Startseite\",\"item\":\"https:\\\/\\\/www.fondationcasafair.ch\\\/fr\\\/\"},{\"@type\":\"ListItem\",\"position\":2,\"name\":\"Impressum\"}]},{\"@type\":\"WebSite\",\"@id\":\"https:\\\/\\\/www.fondationcasafair.ch\\\/fr\\\/#website\",\"url\":\"https:\\\/\\\/www.fondationcasafair.ch\\\/fr\\\/\",\"name\":\"Stiftung Fondation Casafair\",\"description\":\"\",\"publisher\":{\"@id\":\"https:\\\/\\\/www.fondationcasafair.ch\\\/fr\\\/#organization\"},\"potentialAction\":[{\"@type\":\"SearchAction\",\"target\":{\"@type\":\"EntryPoint\",\"urlTemplate\":\"https:\\\/\\\/www.fondationcasafair.ch\\\/fr\\\/?s={search_term_string}\"},\"query-input\":{\"@type\":\"PropertyValueSpecification\",\"valueRequired\":true,\"valueName\":\"search_term_string\"}}],\"inLanguage\":\"fr-FR\"},{\"@type\":\"Organization\",\"@id\":\"https:\\\/\\\/www.fondationcasafair.ch\\\/fr\\\/#organization\",\"name\":\"Stiftung Fondation Casafair\",\"url\":\"https:\\\/\\\/www.fondationcasafair.ch\\\/fr\\\/\",\"logo\":{\"@type\":\"ImageObject\",\"inLanguage\":\"fr-FR\",\"@id\":\"https:\\\/\\\/www.fondationcasafair.ch\\\/fr\\\/#\\\/schema\\\/logo\\\/image\\\/\",\"url\":\"https:\\\/\\\/www.fondationcasafair.ch\\\/wp-content\\\/uploads\\\/2023\\\/10\\\/fondation_casafair_rostrot_c_einzeilig.svg\",\"contentUrl\":\"https:\\\/\\\/www.fondationcasafair.ch\\\/wp-content\\\/uploads\\\/2023\\\/10\\\/fondation_casafair_rostrot_c_einzeilig.svg\",\"caption\":\"Stiftung Fondation Casafair\"},\"image\":{\"@id\":\"https:\\\/\\\/www.fondationcasafair.ch\\\/fr\\\/#\\\/schema\\\/logo\\\/image\\\/\"}}]}<\/script>\n<!-- \/ Yoast SEO plugin. -->","yoast_head_json":{"title":"Impressum - Fondation Casafair","robots":{"index":"index","follow":"follow","max-snippet":"max-snippet:-1","max-image-preview":"max-image-preview:large","max-video-preview":"max-video-preview:-1"},"canonical":"https:\/\/www.fondationcasafair.ch\/fr\/impressum\/","og_locale":"fr_FR","og_type":"article","og_title":"Impressum - Fondation Casafair","og_description":"Impressum Responsable Fondation Casafair, Bollwerk 35, 3011 Berne Si\u00e8ge de la fondation: c\/o 5 Architekten AG, Klosterstrasse 42A, 5430 Wettingen UID: CHE-401.590.581 Logo Design Clerici Partner Design, Mu\u0308nstergasse 18a, 8001 Zu\u0308rich, www.clerici-partner.ch Conception &amp; r\u00e9alisation du site web Rettenmund Solutions, &hellip; Lire la suite &rarr;","og_url":"https:\/\/www.fondationcasafair.ch\/fr\/impressum\/","og_site_name":"Fondation Casafair","article_modified_time":"2023-11-10T08:48:23+00:00","og_image":[{"width":1899,"height":360,"url":"https:\/\/www.fondationcasafair.ch\/wp-content\/uploads\/2023\/09\/header_front.jpg","type":"image\/jpeg"}],"twitter_card":"summary_large_image","twitter_misc":{"Est. reading time":"2 minutes"},"schema":{"@context":"https:\/\/schema.org","@graph":[{"@type":"WebPage","@id":"https:\/\/www.fondationcasafair.ch\/fr\/impressum\/","url":"https:\/\/www.fondationcasafair.ch\/fr\/impressum\/","name":"Impressum - Fondation Casafair","isPartOf":{"@id":"https:\/\/www.fondationcasafair.ch\/fr\/#website"},"primaryImageOfPage":{"@id":"https:\/\/www.fondationcasafair.ch\/fr\/impressum\/#primaryimage"},"image":{"@id":"https:\/\/www.fondationcasafair.ch\/fr\/impressum\/#primaryimage"},"thumbnailUrl":"https:\/\/www.fondationcasafair.ch\/wp-content\/uploads\/2023\/09\/header_front.jpg","datePublished":"2023-09-13T13:31:02+00:00","dateModified":"2023-11-10T08:48:23+00:00","breadcrumb":{"@id":"https:\/\/www.fondationcasafair.ch\/fr\/impressum\/#breadcrumb"},"inLanguage":"fr-FR","potentialAction":[{"@type":"ReadAction","target":["https:\/\/www.fondationcasafair.ch\/fr\/impressum\/"]}]},{"@type":"ImageObject","inLanguage":"fr-FR","@id":"https:\/\/www.fondationcasafair.ch\/fr\/impressum\/#primaryimage","url":"https:\/\/www.fondationcasafair.ch\/wp-content\/uploads\/2023\/09\/header_front.jpg","contentUrl":"https:\/\/www.fondationcasafair.ch\/wp-content\/uploads\/2023\/09\/header_front.jpg","width":1899,"height":360},{"@type":"BreadcrumbList","@id":"https:\/\/www.fondationcasafair.ch\/fr\/impressum\/#breadcrumb","itemListElement":[{"@type":"ListItem","position":1,"name":"Startseite","item":"https:\/\/www.fondationcasafair.ch\/fr\/"},{"@type":"ListItem","position":2,"name":"Impressum"}]},{"@type":"WebSite","@id":"https:\/\/www.fondationcasafair.ch\/fr\/#website","url":"https:\/\/www.fondationcasafair.ch\/fr\/","name":"Stiftung Fondation Casafair","description":"","publisher":{"@id":"https:\/\/www.fondationcasafair.ch\/fr\/#organization"},"potentialAction":[{"@type":"SearchAction","target":{"@type":"EntryPoint","urlTemplate":"https:\/\/www.fondationcasafair.ch\/fr\/?s={search_term_string}"},"query-input":{"@type":"PropertyValueSpecification","valueRequired":true,"valueName":"search_term_string"}}],"inLanguage":"fr-FR"},{"@type":"Organization","@id":"https:\/\/www.fondationcasafair.ch\/fr\/#organization","name":"Stiftung Fondation Casafair","url":"https:\/\/www.fondationcasafair.ch\/fr\/","logo":{"@type":"ImageObject","inLanguage":"fr-FR","@id":"https:\/\/www.fondationcasafair.ch\/fr\/#\/schema\/logo\/image\/","url":"https:\/\/www.fondationcasafair.ch\/wp-content\/uploads\/2023\/10\/fondation_casafair_rostrot_c_einzeilig.svg","contentUrl":"https:\/\/www.fondationcasafair.ch\/wp-content\/uploads\/2023\/10\/fondation_casafair_rostrot_c_einzeilig.svg","caption":"Stiftung Fondation Casafair"},"image":{"@id":"https:\/\/www.fondationcasafair.ch\/fr\/#\/schema\/logo\/image\/"}}]}},"_links":{"self":[{"href":"https:\/\/www.fondationcasafair.ch\/fr\/wp-json\/wp\/v2\/pages\/159","targetHints":{"allow":["GET"]}}],"collection":[{"href":"https:\/\/www.fondationcasafair.ch\/fr\/wp-json\/wp\/v2\/pages"}],"about":[{"href":"https:\/\/www.fondationcasafair.ch\/fr\/wp-json\/wp\/v2\/types\/page"}],"author":[{"embeddable":true,"href":"https:\/\/www.fondationcasafair.ch\/fr\/wp-json\/wp\/v2\/users\/1"}],"replies":[{"embeddable":true,"href":"https:\/\/www.fondationcasafair.ch\/fr\/wp-json\/wp\/v2\/comments?post=159"}],"version-history":[{"count":9,"href":"https:\/\/www.fondationcasafair.ch\/fr\/wp-json\/wp\/v2\/pages\/159\/revisions"}],"predecessor-version":[{"id":713,"href":"https:\/\/www.fondationcasafair.ch\/fr\/wp-json\/wp\/v2\/pages\/159\/revisions\/713"}],"wp:featuredmedia":[{"embeddable":true,"href":"https:\/\/www.fondationcasafair.ch\/fr\/wp-json\/wp\/v2\/media\/125"}],"wp:attachment":[{"href":"https:\/\/www.fondationcasafair.ch\/fr\/wp-json\/wp\/v2\/media?parent=159"}],"curies":[{"name":"wp","href":"https:\/\/api.w.org\/{rel}","templated":true}]}}