{"id":260,"date":"2023-10-04T10:20:40","date_gmt":"2023-10-04T08:20:40","guid":{"rendered":"https:\/\/www.fondationcasafair.ch\/?page_id=260"},"modified":"2024-03-05T10:13:24","modified_gmt":"2024-03-05T09:13:24","slug":"temoignages","status":"publish","type":"page","link":"https:\/\/www.fondationcasafair.ch\/fr\/immeubles\/temoignages\/","title":{"rendered":"T\u00e9moignages"},"content":{"rendered":"<h1>T\u00e9moignages de membres ou de l\u00e9gateurs\/l\u00e9gatrices<\/h1>\n<p><em>\u00abJ\u2019ai h\u00e9rit\u00e9 de mes parents d&#8217;un immeuble d&#8217;habitation. La question \u00e9tait alors de savoir ce que j&#8217;allais en faire. J\u2019aurais pu y habiter normalement et me servir des autres locataires comme de vaches \u00e0 lait, mais je ne trouvais pas ce projet tr\u00e8s exaltant. C&#8217;est pourquoi j&#8217;ai d\u00e9cid\u00e9 de mettre sur pied un projet d&#8217;habitat communautaire pour la deuxi\u00e8me moiti\u00e9 de la vie, en respectant des r\u00e8gles \u00e9cologiques de base. Les habitants actuels de la maison accordent une grande importance aux espaces verts, certains passent d\u2019ailleurs beaucoup de temps au jardin. C\u2019est un peu notre oasis de verdure, et le pr\u00e9server nous permet de demeurer proche de la nature.<\/em><\/p>\n<p><em>Comme je n&#8217;ai pas d\u2019enfants, cet immeuble devrait passer \u00e0 mes fr\u00e8res et s\u0153urs \u00e0 mon d\u00e9c\u00e8s. Mais ils sont tous plus \u00e2g\u00e9s que moi et aucun n\u2019a d\u2019enfant. Il y a donc un risque que la maison soit vendue et ne reste pas \u00e0 long terme hors de la sp\u00e9culation. Pour moi, il est \u00e9galement important que les locataires puissent eux aussi b\u00e9n\u00e9ficier d\u2019une certaine s\u00e9curit\u00e9. Certains habitaient de beaux appartements avant de prendre la d\u00e9cision de s\u2019installer dans la communaut\u00e9 et je souhaite vraiment qu\u2019ils n\u2019aient jamais \u00e0 partir contre leur gr\u00e9.<\/em><\/p>\n<p><em>Je constate que beaucoup de gens commencent \u00e0 reconsid\u00e9rer leur rapport \u00e0 la propri\u00e9t\u00e9 fonci\u00e8re, et \u00e0 se rendre compte de l\u2019exploitation et de la sp\u00e9culation qui en d\u00e9coulent. J\u2019esp\u00e8re que cette tendance va durer! Dans mon testament, j&#8217;ai donc l\u00e9gu\u00e9 la maison \u00e0 la Fondation Casafair. Car il est important pour moi de savoir que la maison continuera d\u2019\u00eatre g\u00e9r\u00e9e comme elle l\u2019est aujourd\u2019hui, c&#8217;est-\u00e0-dire dans le respect de l&#8217;environnement et des personnes. De plus, je peux d\u00e9j\u00e0 compter sur le soutien de la Fondation Casafair, ce qui repr\u00e9sente pour moi un grand soulagement.\u00bb<br \/>\n(Johanna R de K.)<br \/>\n<\/em><\/p>\n<p><em>\u00abMa femme et moi n&#8217;avons pas d&#8217;enfants et nous poss\u00e9dons une maison de trois appartements \u00e0 (&#8230;) que nous avons r\u00e9nov\u00e9e et modernis\u00e9e selon des crit\u00e8res \u00e9cologiques. Nous y avons aussi ajout\u00e9 une installation photovolta\u00efque et, \u00e0 l&#8217;automne, une pompe \u00e0 chaleur air\/eau devrait \u00e9galement entrer en service.Comme nous sommes tous les deux \u00e0 la retraite, la question se pose naturellement de savoir ce qu&#8217;il adviendra de notre maison dans 15 ou 20 ans. Nous ne voulons pas simplement \u00abvendre au plus offrant\u00bb nos efforts de longue date en mati\u00e8re d&#8217;\u00e9cologie, et le jardin fait partie. Nous aimerions que nos principes et nos id\u00e9es se perp\u00e9tuent. Et comme les coop\u00e9ratives que je connais et qui pourraient entrer en ligne de compte comme acqu\u00e9reurs ne sont int\u00e9ress\u00e9es que par des maisons d\u2019au moins 6 appartements, une toute nouvelle porte s&#8217;ouvre \u00e0 nous avec la Fondation Casafair. Et peut-\u00eatre qu&#8217;une vente avec droit d&#8217;usage ou droit d&#8217;habitation \u00e0 vie pourrait \u00eatre r\u00e9alis\u00e9e\u00bb.<br \/>\n(Peter S. de W.)<br \/>\n<\/em><\/p>\n","protected":false},"excerpt":{"rendered":"<p>T\u00e9moignages de membres ou de l\u00e9gateurs\/l\u00e9gatrices \u00abJ\u2019ai h\u00e9rit\u00e9 de mes parents d&#8217;un immeuble d&#8217;habitation. La question \u00e9tait alors de savoir ce que j&#8217;allais en faire. J\u2019aurais pu y habiter normalement et me servir des autres locataires comme de vaches \u00e0 &hellip; <a href=\"https:\/\/www.fondationcasafair.ch\/fr\/immeubles\/temoignages\/\">Lire la suite <span class=\"meta-nav\">&rarr;<\/span><\/a><\/p>\n","protected":false},"author":1,"featured_media":125,"parent":161,"menu_order":0,"comment_status":"closed","ping_status":"closed","template":"","meta":{"_acf_changed":false,"footnotes":""},"class_list":["post-260","page","type-page","status-publish","has-post-thumbnail","hentry","has-featured-image"],"acf":[],"yoast_head":"<!-- This site is optimized with the Yoast SEO plugin v27.3 - https:\/\/yoast.com\/product\/yoast-seo-wordpress\/ -->\n<title>T\u00e9moignages - Fondation Casafair<\/title>\n<meta name=\"robots\" content=\"index, follow, max-snippet:-1, max-image-preview:large, max-video-preview:-1\" \/>\n<link rel=\"canonical\" href=\"https:\/\/www.fondationcasafair.ch\/fr\/immeubles\/temoignages\/\" \/>\n<meta property=\"og:locale\" content=\"fr_FR\" \/>\n<meta property=\"og:type\" content=\"article\" \/>\n<meta property=\"og:title\" content=\"T\u00e9moignages - Fondation Casafair\" \/>\n<meta property=\"og:description\" content=\"T\u00e9moignages de membres ou de l\u00e9gateurs\/l\u00e9gatrices \u00abJ\u2019ai h\u00e9rit\u00e9 de mes parents d&#8217;un immeuble d&#8217;habitation. La question \u00e9tait alors de savoir ce que j&#8217;allais en faire. J\u2019aurais pu y habiter normalement et me servir des autres locataires comme de vaches \u00e0 &hellip; Lire la suite &rarr;\" \/>\n<meta property=\"og:url\" content=\"https:\/\/www.fondationcasafair.ch\/fr\/immeubles\/temoignages\/\" \/>\n<meta property=\"og:site_name\" content=\"Fondation Casafair\" \/>\n<meta property=\"article:modified_time\" content=\"2024-03-05T09:13:24+00:00\" \/>\n<meta property=\"og:image\" content=\"https:\/\/www.fondationcasafair.ch\/wp-content\/uploads\/2023\/09\/header_front.jpg\" \/>\n\t<meta property=\"og:image:width\" content=\"1899\" \/>\n\t<meta property=\"og:image:height\" content=\"360\" \/>\n\t<meta property=\"og:image:type\" content=\"image\/jpeg\" \/>\n<meta name=\"twitter:card\" content=\"summary_large_image\" \/>\n<meta name=\"twitter:label1\" content=\"Est. reading time\" \/>\n\t<meta name=\"twitter:data1\" content=\"3 minutes\" \/>\n<script type=\"application\/ld+json\" class=\"yoast-schema-graph\">{\"@context\":\"https:\\\/\\\/schema.org\",\"@graph\":[{\"@type\":\"WebPage\",\"@id\":\"https:\\\/\\\/www.fondationcasafair.ch\\\/fr\\\/immeubles\\\/temoignages\\\/\",\"url\":\"https:\\\/\\\/www.fondationcasafair.ch\\\/fr\\\/immeubles\\\/temoignages\\\/\",\"name\":\"T\u00e9moignages - Fondation Casafair\",\"isPartOf\":{\"@id\":\"https:\\\/\\\/www.fondationcasafair.ch\\\/fr\\\/#website\"},\"primaryImageOfPage\":{\"@id\":\"https:\\\/\\\/www.fondationcasafair.ch\\\/fr\\\/immeubles\\\/temoignages\\\/#primaryimage\"},\"image\":{\"@id\":\"https:\\\/\\\/www.fondationcasafair.ch\\\/fr\\\/immeubles\\\/temoignages\\\/#primaryimage\"},\"thumbnailUrl\":\"https:\\\/\\\/www.fondationcasafair.ch\\\/wp-content\\\/uploads\\\/2023\\\/09\\\/header_front.jpg\",\"datePublished\":\"2023-10-04T08:20:40+00:00\",\"dateModified\":\"2024-03-05T09:13:24+00:00\",\"breadcrumb\":{\"@id\":\"https:\\\/\\\/www.fondationcasafair.ch\\\/fr\\\/immeubles\\\/temoignages\\\/#breadcrumb\"},\"inLanguage\":\"fr-FR\",\"potentialAction\":[{\"@type\":\"ReadAction\",\"target\":[\"https:\\\/\\\/www.fondationcasafair.ch\\\/fr\\\/immeubles\\\/temoignages\\\/\"]}]},{\"@type\":\"ImageObject\",\"inLanguage\":\"fr-FR\",\"@id\":\"https:\\\/\\\/www.fondationcasafair.ch\\\/fr\\\/immeubles\\\/temoignages\\\/#primaryimage\",\"url\":\"https:\\\/\\\/www.fondationcasafair.ch\\\/wp-content\\\/uploads\\\/2023\\\/09\\\/header_front.jpg\",\"contentUrl\":\"https:\\\/\\\/www.fondationcasafair.ch\\\/wp-content\\\/uploads\\\/2023\\\/09\\\/header_front.jpg\",\"width\":1899,\"height\":360},{\"@type\":\"BreadcrumbList\",\"@id\":\"https:\\\/\\\/www.fondationcasafair.ch\\\/fr\\\/immeubles\\\/temoignages\\\/#breadcrumb\",\"itemListElement\":[{\"@type\":\"ListItem\",\"position\":1,\"name\":\"Startseite\",\"item\":\"https:\\\/\\\/www.fondationcasafair.ch\\\/fr\\\/\"},{\"@type\":\"ListItem\",\"position\":2,\"name\":\"Immeubles\",\"item\":\"https:\\\/\\\/www.fondationcasafair.ch\\\/fr\\\/immeubles\\\/\"},{\"@type\":\"ListItem\",\"position\":3,\"name\":\"T\u00e9moignages\"}]},{\"@type\":\"WebSite\",\"@id\":\"https:\\\/\\\/www.fondationcasafair.ch\\\/fr\\\/#website\",\"url\":\"https:\\\/\\\/www.fondationcasafair.ch\\\/fr\\\/\",\"name\":\"Stiftung Fondation Casafair\",\"description\":\"\",\"publisher\":{\"@id\":\"https:\\\/\\\/www.fondationcasafair.ch\\\/fr\\\/#organization\"},\"potentialAction\":[{\"@type\":\"SearchAction\",\"target\":{\"@type\":\"EntryPoint\",\"urlTemplate\":\"https:\\\/\\\/www.fondationcasafair.ch\\\/fr\\\/?s={search_term_string}\"},\"query-input\":{\"@type\":\"PropertyValueSpecification\",\"valueRequired\":true,\"valueName\":\"search_term_string\"}}],\"inLanguage\":\"fr-FR\"},{\"@type\":\"Organization\",\"@id\":\"https:\\\/\\\/www.fondationcasafair.ch\\\/fr\\\/#organization\",\"name\":\"Stiftung Fondation Casafair\",\"url\":\"https:\\\/\\\/www.fondationcasafair.ch\\\/fr\\\/\",\"logo\":{\"@type\":\"ImageObject\",\"inLanguage\":\"fr-FR\",\"@id\":\"https:\\\/\\\/www.fondationcasafair.ch\\\/fr\\\/#\\\/schema\\\/logo\\\/image\\\/\",\"url\":\"https:\\\/\\\/www.fondationcasafair.ch\\\/wp-content\\\/uploads\\\/2023\\\/10\\\/fondation_casafair_rostrot_c_einzeilig.svg\",\"contentUrl\":\"https:\\\/\\\/www.fondationcasafair.ch\\\/wp-content\\\/uploads\\\/2023\\\/10\\\/fondation_casafair_rostrot_c_einzeilig.svg\",\"caption\":\"Stiftung Fondation Casafair\"},\"image\":{\"@id\":\"https:\\\/\\\/www.fondationcasafair.ch\\\/fr\\\/#\\\/schema\\\/logo\\\/image\\\/\"}}]}<\/script>\n<!-- \/ Yoast SEO plugin. -->","yoast_head_json":{"title":"T\u00e9moignages - Fondation Casafair","robots":{"index":"index","follow":"follow","max-snippet":"max-snippet:-1","max-image-preview":"max-image-preview:large","max-video-preview":"max-video-preview:-1"},"canonical":"https:\/\/www.fondationcasafair.ch\/fr\/immeubles\/temoignages\/","og_locale":"fr_FR","og_type":"article","og_title":"T\u00e9moignages - Fondation Casafair","og_description":"T\u00e9moignages de membres ou de l\u00e9gateurs\/l\u00e9gatrices \u00abJ\u2019ai h\u00e9rit\u00e9 de mes parents d&#8217;un immeuble d&#8217;habitation. La question \u00e9tait alors de savoir ce que j&#8217;allais en faire. J\u2019aurais pu y habiter normalement et me servir des autres locataires comme de vaches \u00e0 &hellip; Lire la suite &rarr;","og_url":"https:\/\/www.fondationcasafair.ch\/fr\/immeubles\/temoignages\/","og_site_name":"Fondation Casafair","article_modified_time":"2024-03-05T09:13:24+00:00","og_image":[{"width":1899,"height":360,"url":"https:\/\/www.fondationcasafair.ch\/wp-content\/uploads\/2023\/09\/header_front.jpg","type":"image\/jpeg"}],"twitter_card":"summary_large_image","twitter_misc":{"Est. reading time":"3 minutes"},"schema":{"@context":"https:\/\/schema.org","@graph":[{"@type":"WebPage","@id":"https:\/\/www.fondationcasafair.ch\/fr\/immeubles\/temoignages\/","url":"https:\/\/www.fondationcasafair.ch\/fr\/immeubles\/temoignages\/","name":"T\u00e9moignages - Fondation Casafair","isPartOf":{"@id":"https:\/\/www.fondationcasafair.ch\/fr\/#website"},"primaryImageOfPage":{"@id":"https:\/\/www.fondationcasafair.ch\/fr\/immeubles\/temoignages\/#primaryimage"},"image":{"@id":"https:\/\/www.fondationcasafair.ch\/fr\/immeubles\/temoignages\/#primaryimage"},"thumbnailUrl":"https:\/\/www.fondationcasafair.ch\/wp-content\/uploads\/2023\/09\/header_front.jpg","datePublished":"2023-10-04T08:20:40+00:00","dateModified":"2024-03-05T09:13:24+00:00","breadcrumb":{"@id":"https:\/\/www.fondationcasafair.ch\/fr\/immeubles\/temoignages\/#breadcrumb"},"inLanguage":"fr-FR","potentialAction":[{"@type":"ReadAction","target":["https:\/\/www.fondationcasafair.ch\/fr\/immeubles\/temoignages\/"]}]},{"@type":"ImageObject","inLanguage":"fr-FR","@id":"https:\/\/www.fondationcasafair.ch\/fr\/immeubles\/temoignages\/#primaryimage","url":"https:\/\/www.fondationcasafair.ch\/wp-content\/uploads\/2023\/09\/header_front.jpg","contentUrl":"https:\/\/www.fondationcasafair.ch\/wp-content\/uploads\/2023\/09\/header_front.jpg","width":1899,"height":360},{"@type":"BreadcrumbList","@id":"https:\/\/www.fondationcasafair.ch\/fr\/immeubles\/temoignages\/#breadcrumb","itemListElement":[{"@type":"ListItem","position":1,"name":"Startseite","item":"https:\/\/www.fondationcasafair.ch\/fr\/"},{"@type":"ListItem","position":2,"name":"Immeubles","item":"https:\/\/www.fondationcasafair.ch\/fr\/immeubles\/"},{"@type":"ListItem","position":3,"name":"T\u00e9moignages"}]},{"@type":"WebSite","@id":"https:\/\/www.fondationcasafair.ch\/fr\/#website","url":"https:\/\/www.fondationcasafair.ch\/fr\/","name":"Stiftung Fondation Casafair","description":"","publisher":{"@id":"https:\/\/www.fondationcasafair.ch\/fr\/#organization"},"potentialAction":[{"@type":"SearchAction","target":{"@type":"EntryPoint","urlTemplate":"https:\/\/www.fondationcasafair.ch\/fr\/?s={search_term_string}"},"query-input":{"@type":"PropertyValueSpecification","valueRequired":true,"valueName":"search_term_string"}}],"inLanguage":"fr-FR"},{"@type":"Organization","@id":"https:\/\/www.fondationcasafair.ch\/fr\/#organization","name":"Stiftung Fondation Casafair","url":"https:\/\/www.fondationcasafair.ch\/fr\/","logo":{"@type":"ImageObject","inLanguage":"fr-FR","@id":"https:\/\/www.fondationcasafair.ch\/fr\/#\/schema\/logo\/image\/","url":"https:\/\/www.fondationcasafair.ch\/wp-content\/uploads\/2023\/10\/fondation_casafair_rostrot_c_einzeilig.svg","contentUrl":"https:\/\/www.fondationcasafair.ch\/wp-content\/uploads\/2023\/10\/fondation_casafair_rostrot_c_einzeilig.svg","caption":"Stiftung Fondation Casafair"},"image":{"@id":"https:\/\/www.fondationcasafair.ch\/fr\/#\/schema\/logo\/image\/"}}]}},"_links":{"self":[{"href":"https:\/\/www.fondationcasafair.ch\/fr\/wp-json\/wp\/v2\/pages\/260","targetHints":{"allow":["GET"]}}],"collection":[{"href":"https:\/\/www.fondationcasafair.ch\/fr\/wp-json\/wp\/v2\/pages"}],"about":[{"href":"https:\/\/www.fondationcasafair.ch\/fr\/wp-json\/wp\/v2\/types\/page"}],"author":[{"embeddable":true,"href":"https:\/\/www.fondationcasafair.ch\/fr\/wp-json\/wp\/v2\/users\/1"}],"replies":[{"embeddable":true,"href":"https:\/\/www.fondationcasafair.ch\/fr\/wp-json\/wp\/v2\/comments?post=260"}],"version-history":[{"count":5,"href":"https:\/\/www.fondationcasafair.ch\/fr\/wp-json\/wp\/v2\/pages\/260\/revisions"}],"predecessor-version":[{"id":779,"href":"https:\/\/www.fondationcasafair.ch\/fr\/wp-json\/wp\/v2\/pages\/260\/revisions\/779"}],"up":[{"embeddable":true,"href":"https:\/\/www.fondationcasafair.ch\/fr\/wp-json\/wp\/v2\/pages\/161"}],"wp:featuredmedia":[{"embeddable":true,"href":"https:\/\/www.fondationcasafair.ch\/fr\/wp-json\/wp\/v2\/media\/125"}],"wp:attachment":[{"href":"https:\/\/www.fondationcasafair.ch\/fr\/wp-json\/wp\/v2\/media?parent=260"}],"curies":[{"name":"wp","href":"https:\/\/api.w.org\/{rel}","templated":true}]}}