{"id":311,"date":"2023-10-10T20:01:21","date_gmt":"2023-10-10T18:01:21","guid":{"rendered":"https:\/\/www.fondationcasafair.ch\/?page_id=311"},"modified":"2023-12-13T11:50:01","modified_gmt":"2023-12-13T10:50:01","slug":"buts","status":"publish","type":"page","link":"https:\/\/www.fondationcasafair.ch\/fr\/fondation\/buts\/","title":{"rendered":"Buts"},"content":{"rendered":"<h1>But de la Fondation<\/h1>\n<p>Le but de la Fondation est de g\u00e9rer des biens immobiliers de mani\u00e8re durable dans toute la Suisse. Elle promeut un entretien \u00e9cologique des b\u00e2timents, un habitat sain, une utilisation mesur\u00e9e du sol et des relations de bail \u00e9quitables. La Fondation vise \u00e0 soustraire durablement des biens immobiliers du march\u00e9 ax\u00e9 sur le profit pour contribuer au maintien d\u2019une offre de logements abordable.<br \/>\nPour r\u00e9aliser son but, la Fondation acquiert, poss\u00e8de et, dans certains cas exceptionnels justifi\u00e9s, ali\u00e8ne des biens immobiliers ainsi que des droits de construction, en sa qualit\u00e9 de b\u00e9n\u00e9ficiaire ou de cessionnaire de droits de superficie. Elle peut en outre prendre des participations dans des personnes morales qui poursuivent un but similaire au sien.<br \/>\nLa Fondation est une entit\u00e9 d\u2019utilit\u00e9 publique sans but lucratif. Le capital de la Fondation est exclusivement d\u00e9di\u00e9 au but d\u00e9crit ci-dessus. Elle est neutre politiquement et confessionnellement.<br \/>\nLe fondateur se r\u00e9serve express\u00e9ment le droit de modifier le but de la Fondation en vertu de l\u2019art. 86a CC dans le respect des dispositions l\u00e9gales.<\/p>\n<p><a href=\"https:\/\/www.fondationcasafair.ch\/wp-content\/uploads\/2023\/12\/Acte-de-Fondation.pdf\"www.fondationcasafair.ch\/wp-content\/uploads\/2023\/12\/Acte-de-Fondation.pdf target=\"_blank\">Acte de Fondation<\/a> (PDF)<\/p>\n<p>&nbsp;<\/p>\n","protected":false},"excerpt":{"rendered":"<p>But de la Fondation Le but de la Fondation est de g\u00e9rer des biens immobiliers de mani\u00e8re durable dans toute la Suisse. Elle promeut un entretien \u00e9cologique des b\u00e2timents, un habitat sain, une utilisation mesur\u00e9e du sol et des relations &hellip; <a href=\"https:\/\/www.fondationcasafair.ch\/fr\/fondation\/buts\/\">Lire la suite <span class=\"meta-nav\">&rarr;<\/span><\/a><\/p>\n","protected":false},"author":2,"featured_media":125,"parent":162,"menu_order":0,"comment_status":"closed","ping_status":"closed","template":"","meta":{"_acf_changed":false,"footnotes":""},"class_list":["post-311","page","type-page","status-publish","has-post-thumbnail","hentry","has-featured-image"],"acf":[],"yoast_head":"<!-- This site is optimized with the Yoast SEO plugin v27.3 - https:\/\/yoast.com\/product\/yoast-seo-wordpress\/ -->\n<title>Buts - Fondation Casafair<\/title>\n<meta name=\"robots\" content=\"index, follow, max-snippet:-1, max-image-preview:large, max-video-preview:-1\" \/>\n<link rel=\"canonical\" href=\"https:\/\/www.fondationcasafair.ch\/fr\/fondation\/buts\/\" \/>\n<meta property=\"og:locale\" content=\"fr_FR\" \/>\n<meta property=\"og:type\" content=\"article\" \/>\n<meta property=\"og:title\" content=\"Buts - Fondation Casafair\" \/>\n<meta property=\"og:description\" content=\"But de la Fondation Le but de la Fondation est de g\u00e9rer des biens immobiliers de mani\u00e8re durable dans toute la Suisse. Elle promeut un entretien \u00e9cologique des b\u00e2timents, un habitat sain, une utilisation mesur\u00e9e du sol et des relations &hellip; Lire la suite &rarr;\" \/>\n<meta property=\"og:url\" content=\"https:\/\/www.fondationcasafair.ch\/fr\/fondation\/buts\/\" \/>\n<meta property=\"og:site_name\" content=\"Fondation Casafair\" \/>\n<meta property=\"article:modified_time\" content=\"2023-12-13T10:50:01+00:00\" \/>\n<meta property=\"og:image\" content=\"https:\/\/www.fondationcasafair.ch\/wp-content\/uploads\/2023\/09\/header_front.jpg\" \/>\n\t<meta property=\"og:image:width\" content=\"1899\" \/>\n\t<meta property=\"og:image:height\" content=\"360\" \/>\n\t<meta property=\"og:image:type\" content=\"image\/jpeg\" \/>\n<meta name=\"twitter:card\" content=\"summary_large_image\" \/>\n<meta name=\"twitter:label1\" content=\"Est. reading time\" \/>\n\t<meta name=\"twitter:data1\" content=\"2 minutes\" \/>\n<script type=\"application\/ld+json\" class=\"yoast-schema-graph\">{\"@context\":\"https:\\\/\\\/schema.org\",\"@graph\":[{\"@type\":\"WebPage\",\"@id\":\"https:\\\/\\\/www.fondationcasafair.ch\\\/fr\\\/fondation\\\/buts\\\/\",\"url\":\"https:\\\/\\\/www.fondationcasafair.ch\\\/fr\\\/fondation\\\/buts\\\/\",\"name\":\"Buts - Fondation Casafair\",\"isPartOf\":{\"@id\":\"https:\\\/\\\/www.fondationcasafair.ch\\\/fr\\\/#website\"},\"primaryImageOfPage\":{\"@id\":\"https:\\\/\\\/www.fondationcasafair.ch\\\/fr\\\/fondation\\\/buts\\\/#primaryimage\"},\"image\":{\"@id\":\"https:\\\/\\\/www.fondationcasafair.ch\\\/fr\\\/fondation\\\/buts\\\/#primaryimage\"},\"thumbnailUrl\":\"https:\\\/\\\/www.fondationcasafair.ch\\\/wp-content\\\/uploads\\\/2023\\\/09\\\/header_front.jpg\",\"datePublished\":\"2023-10-10T18:01:21+00:00\",\"dateModified\":\"2023-12-13T10:50:01+00:00\",\"breadcrumb\":{\"@id\":\"https:\\\/\\\/www.fondationcasafair.ch\\\/fr\\\/fondation\\\/buts\\\/#breadcrumb\"},\"inLanguage\":\"fr-FR\",\"potentialAction\":[{\"@type\":\"ReadAction\",\"target\":[\"https:\\\/\\\/www.fondationcasafair.ch\\\/fr\\\/fondation\\\/buts\\\/\"]}]},{\"@type\":\"ImageObject\",\"inLanguage\":\"fr-FR\",\"@id\":\"https:\\\/\\\/www.fondationcasafair.ch\\\/fr\\\/fondation\\\/buts\\\/#primaryimage\",\"url\":\"https:\\\/\\\/www.fondationcasafair.ch\\\/wp-content\\\/uploads\\\/2023\\\/09\\\/header_front.jpg\",\"contentUrl\":\"https:\\\/\\\/www.fondationcasafair.ch\\\/wp-content\\\/uploads\\\/2023\\\/09\\\/header_front.jpg\",\"width\":1899,\"height\":360},{\"@type\":\"BreadcrumbList\",\"@id\":\"https:\\\/\\\/www.fondationcasafair.ch\\\/fr\\\/fondation\\\/buts\\\/#breadcrumb\",\"itemListElement\":[{\"@type\":\"ListItem\",\"position\":1,\"name\":\"Startseite\",\"item\":\"https:\\\/\\\/www.fondationcasafair.ch\\\/fr\\\/\"},{\"@type\":\"ListItem\",\"position\":2,\"name\":\"La Fondation\",\"item\":\"https:\\\/\\\/www.fondationcasafair.ch\\\/fr\\\/fondation\\\/\"},{\"@type\":\"ListItem\",\"position\":3,\"name\":\"Buts\"}]},{\"@type\":\"WebSite\",\"@id\":\"https:\\\/\\\/www.fondationcasafair.ch\\\/fr\\\/#website\",\"url\":\"https:\\\/\\\/www.fondationcasafair.ch\\\/fr\\\/\",\"name\":\"Stiftung Fondation Casafair\",\"description\":\"\",\"publisher\":{\"@id\":\"https:\\\/\\\/www.fondationcasafair.ch\\\/fr\\\/#organization\"},\"potentialAction\":[{\"@type\":\"SearchAction\",\"target\":{\"@type\":\"EntryPoint\",\"urlTemplate\":\"https:\\\/\\\/www.fondationcasafair.ch\\\/fr\\\/?s={search_term_string}\"},\"query-input\":{\"@type\":\"PropertyValueSpecification\",\"valueRequired\":true,\"valueName\":\"search_term_string\"}}],\"inLanguage\":\"fr-FR\"},{\"@type\":\"Organization\",\"@id\":\"https:\\\/\\\/www.fondationcasafair.ch\\\/fr\\\/#organization\",\"name\":\"Stiftung Fondation Casafair\",\"url\":\"https:\\\/\\\/www.fondationcasafair.ch\\\/fr\\\/\",\"logo\":{\"@type\":\"ImageObject\",\"inLanguage\":\"fr-FR\",\"@id\":\"https:\\\/\\\/www.fondationcasafair.ch\\\/fr\\\/#\\\/schema\\\/logo\\\/image\\\/\",\"url\":\"https:\\\/\\\/www.fondationcasafair.ch\\\/wp-content\\\/uploads\\\/2023\\\/10\\\/fondation_casafair_rostrot_c_einzeilig.svg\",\"contentUrl\":\"https:\\\/\\\/www.fondationcasafair.ch\\\/wp-content\\\/uploads\\\/2023\\\/10\\\/fondation_casafair_rostrot_c_einzeilig.svg\",\"caption\":\"Stiftung Fondation Casafair\"},\"image\":{\"@id\":\"https:\\\/\\\/www.fondationcasafair.ch\\\/fr\\\/#\\\/schema\\\/logo\\\/image\\\/\"}}]}<\/script>\n<!-- \/ Yoast SEO plugin. -->","yoast_head_json":{"title":"Buts - Fondation Casafair","robots":{"index":"index","follow":"follow","max-snippet":"max-snippet:-1","max-image-preview":"max-image-preview:large","max-video-preview":"max-video-preview:-1"},"canonical":"https:\/\/www.fondationcasafair.ch\/fr\/fondation\/buts\/","og_locale":"fr_FR","og_type":"article","og_title":"Buts - Fondation Casafair","og_description":"But de la Fondation Le but de la Fondation est de g\u00e9rer des biens immobiliers de mani\u00e8re durable dans toute la Suisse. Elle promeut un entretien \u00e9cologique des b\u00e2timents, un habitat sain, une utilisation mesur\u00e9e du sol et des relations &hellip; Lire la suite &rarr;","og_url":"https:\/\/www.fondationcasafair.ch\/fr\/fondation\/buts\/","og_site_name":"Fondation Casafair","article_modified_time":"2023-12-13T10:50:01+00:00","og_image":[{"width":1899,"height":360,"url":"https:\/\/www.fondationcasafair.ch\/wp-content\/uploads\/2023\/09\/header_front.jpg","type":"image\/jpeg"}],"twitter_card":"summary_large_image","twitter_misc":{"Est. reading time":"2 minutes"},"schema":{"@context":"https:\/\/schema.org","@graph":[{"@type":"WebPage","@id":"https:\/\/www.fondationcasafair.ch\/fr\/fondation\/buts\/","url":"https:\/\/www.fondationcasafair.ch\/fr\/fondation\/buts\/","name":"Buts - Fondation Casafair","isPartOf":{"@id":"https:\/\/www.fondationcasafair.ch\/fr\/#website"},"primaryImageOfPage":{"@id":"https:\/\/www.fondationcasafair.ch\/fr\/fondation\/buts\/#primaryimage"},"image":{"@id":"https:\/\/www.fondationcasafair.ch\/fr\/fondation\/buts\/#primaryimage"},"thumbnailUrl":"https:\/\/www.fondationcasafair.ch\/wp-content\/uploads\/2023\/09\/header_front.jpg","datePublished":"2023-10-10T18:01:21+00:00","dateModified":"2023-12-13T10:50:01+00:00","breadcrumb":{"@id":"https:\/\/www.fondationcasafair.ch\/fr\/fondation\/buts\/#breadcrumb"},"inLanguage":"fr-FR","potentialAction":[{"@type":"ReadAction","target":["https:\/\/www.fondationcasafair.ch\/fr\/fondation\/buts\/"]}]},{"@type":"ImageObject","inLanguage":"fr-FR","@id":"https:\/\/www.fondationcasafair.ch\/fr\/fondation\/buts\/#primaryimage","url":"https:\/\/www.fondationcasafair.ch\/wp-content\/uploads\/2023\/09\/header_front.jpg","contentUrl":"https:\/\/www.fondationcasafair.ch\/wp-content\/uploads\/2023\/09\/header_front.jpg","width":1899,"height":360},{"@type":"BreadcrumbList","@id":"https:\/\/www.fondationcasafair.ch\/fr\/fondation\/buts\/#breadcrumb","itemListElement":[{"@type":"ListItem","position":1,"name":"Startseite","item":"https:\/\/www.fondationcasafair.ch\/fr\/"},{"@type":"ListItem","position":2,"name":"La Fondation","item":"https:\/\/www.fondationcasafair.ch\/fr\/fondation\/"},{"@type":"ListItem","position":3,"name":"Buts"}]},{"@type":"WebSite","@id":"https:\/\/www.fondationcasafair.ch\/fr\/#website","url":"https:\/\/www.fondationcasafair.ch\/fr\/","name":"Stiftung Fondation Casafair","description":"","publisher":{"@id":"https:\/\/www.fondationcasafair.ch\/fr\/#organization"},"potentialAction":[{"@type":"SearchAction","target":{"@type":"EntryPoint","urlTemplate":"https:\/\/www.fondationcasafair.ch\/fr\/?s={search_term_string}"},"query-input":{"@type":"PropertyValueSpecification","valueRequired":true,"valueName":"search_term_string"}}],"inLanguage":"fr-FR"},{"@type":"Organization","@id":"https:\/\/www.fondationcasafair.ch\/fr\/#organization","name":"Stiftung Fondation Casafair","url":"https:\/\/www.fondationcasafair.ch\/fr\/","logo":{"@type":"ImageObject","inLanguage":"fr-FR","@id":"https:\/\/www.fondationcasafair.ch\/fr\/#\/schema\/logo\/image\/","url":"https:\/\/www.fondationcasafair.ch\/wp-content\/uploads\/2023\/10\/fondation_casafair_rostrot_c_einzeilig.svg","contentUrl":"https:\/\/www.fondationcasafair.ch\/wp-content\/uploads\/2023\/10\/fondation_casafair_rostrot_c_einzeilig.svg","caption":"Stiftung Fondation Casafair"},"image":{"@id":"https:\/\/www.fondationcasafair.ch\/fr\/#\/schema\/logo\/image\/"}}]}},"_links":{"self":[{"href":"https:\/\/www.fondationcasafair.ch\/fr\/wp-json\/wp\/v2\/pages\/311","targetHints":{"allow":["GET"]}}],"collection":[{"href":"https:\/\/www.fondationcasafair.ch\/fr\/wp-json\/wp\/v2\/pages"}],"about":[{"href":"https:\/\/www.fondationcasafair.ch\/fr\/wp-json\/wp\/v2\/types\/page"}],"author":[{"embeddable":true,"href":"https:\/\/www.fondationcasafair.ch\/fr\/wp-json\/wp\/v2\/users\/2"}],"replies":[{"embeddable":true,"href":"https:\/\/www.fondationcasafair.ch\/fr\/wp-json\/wp\/v2\/comments?post=311"}],"version-history":[{"count":6,"href":"https:\/\/www.fondationcasafair.ch\/fr\/wp-json\/wp\/v2\/pages\/311\/revisions"}],"predecessor-version":[{"id":770,"href":"https:\/\/www.fondationcasafair.ch\/fr\/wp-json\/wp\/v2\/pages\/311\/revisions\/770"}],"up":[{"embeddable":true,"href":"https:\/\/www.fondationcasafair.ch\/fr\/wp-json\/wp\/v2\/pages\/162"}],"wp:featuredmedia":[{"embeddable":true,"href":"https:\/\/www.fondationcasafair.ch\/fr\/wp-json\/wp\/v2\/media\/125"}],"wp:attachment":[{"href":"https:\/\/www.fondationcasafair.ch\/fr\/wp-json\/wp\/v2\/media?parent=311"}],"curies":[{"name":"wp","href":"https:\/\/api.w.org\/{rel}","templated":true}]}}