{"id":864,"date":"2025-03-27T15:13:12","date_gmt":"2025-03-27T14:13:12","guid":{"rendered":"https:\/\/www.fondationcasafair.ch\/immeubles\/biens-immobilies\/canton-de-berne\/"},"modified":"2026-04-24T16:05:38","modified_gmt":"2026-04-24T14:05:38","slug":"canton-de-berne","status":"publish","type":"page","link":"https:\/\/www.fondationcasafair.ch\/fr\/immeubles\/biens-immobilies\/canton-de-berne\/","title":{"rendered":"Canton de Berne"},"content":{"rendered":"<h1>Des biens immobiliers dans le canton de Berne<\/h1>\n<h3>Bern, Breitenrain<\/h3>\n<p>Mots-cl\u00e9s :<\/p>\n<p><img loading=\"lazy\" decoding=\"async\" class=\"alignnone wp-image-926 size-medium alignright\" src=\"https:\/\/www.fondationcasafair.ch\/wp-content\/uploads\/2026\/04\/Haus-Rueckseite-300x216.jpg\" alt=\"\" width=\"300\" height=\"216\" srcset=\"https:\/\/www.fondationcasafair.ch\/wp-content\/uploads\/2026\/04\/Haus-Rueckseite-300x216.jpg 300w, https:\/\/www.fondationcasafair.ch\/wp-content\/uploads\/2026\/04\/Haus-Rueckseite-1024x739.jpg 1024w, https:\/\/www.fondationcasafair.ch\/wp-content\/uploads\/2026\/04\/Haus-Rueckseite-768x554.jpg 768w, https:\/\/www.fondationcasafair.ch\/wp-content\/uploads\/2026\/04\/Haus-Rueckseite-1536x1108.jpg 1536w, https:\/\/www.fondationcasafair.ch\/wp-content\/uploads\/2026\/04\/Haus-Rueckseite.jpg 1680w\" sizes=\"auto, (max-width: 300px) 100vw, 300px\" \/><\/p>\n<ul>\n<li>Immeuble collectif avec 18 appartements et jardin.<br \/>\nAnn\u00e9e de construction : 1953<\/li>\n<li>6 appartements \u00e0 1,5 pi\u00e8ces (pi\u00e8ces 38 m2) 6 app. \u00e0 2,5 pi\u00e8ces (68 m2) et 6 app. \u00e0 3,5 pi\u00e8ces (85 m2) &#8211; avec balcon.<\/li>\n<li>Loyers nets : entre CHF 720.- et 1&#8217;340.-, frais accessoires entre 150.- et 320.-.<\/li>\n<li>Il y a un ascenseur dans l&#8217;immeuble.<\/li>\n<li>Chauffage: mazout. Le Chauffage sera remplace par und pompe \u00e0 chaleur avec sonde g\u00e9othermique vers fin 2026 &#8211; d\u00e9but 2027.<br \/>\nDe plus, le plafond de la cave sera isol\u00e9.<\/li>\n<\/ul>\n<h3><\/h3>\n<h3><\/h3>\n<p>&nbsp;<\/p>\n<h3>Berne, Mattenhof<\/h3>\n<p>Mots-cl\u00e9s :<\/p>\n<ul>\n<li>Immeuble collectif avec jardin.<br \/>\nAnn\u00e9e de construction : 1917<img loading=\"lazy\" decoding=\"async\" class=\"size-medium wp-image-826 alignright\" src=\"https:\/\/www.fondationcasafair.ch\/wp-content\/uploads\/2025\/03\/Haus-Mattenhof-Bern-237x300.jpg\" alt=\"\" width=\"237\" height=\"300\" srcset=\"https:\/\/www.fondationcasafair.ch\/wp-content\/uploads\/2025\/03\/Haus-Mattenhof-Bern-237x300.jpg 237w, https:\/\/www.fondationcasafair.ch\/wp-content\/uploads\/2025\/03\/Haus-Mattenhof-Bern-809x1024.jpg 809w, https:\/\/www.fondationcasafair.ch\/wp-content\/uploads\/2025\/03\/Haus-Mattenhof-Bern-768x973.jpg 768w, https:\/\/www.fondationcasafair.ch\/wp-content\/uploads\/2025\/03\/Haus-Mattenhof-Bern.jpg 1066w\" sizes=\"auto, (max-width: 237px) 100vw, 237px\" \/><\/li>\n<li>Appartement de 2 1\/2 pi\u00e8ces avec terrasse attenante \/ 75 m2 ; appartement de 3 pi\u00e8ces sans balcon<br \/>\nDeux chambres mansard\u00e9es ; loyer net (sans mansarde) : CHF 1&#8217;400.-, frais accessoires 200.-.<\/li>\n<li>Le plafond de la cave et le toit ont \u00e9t\u00e9 isol\u00e9s, les fen\u00eatres ont \u00e9t\u00e9 remplac\u00e9es.<br \/>\nLer Chauffage \u00e0 gaz sera remplac\u00e9 par une pompe \u00e0 chaleur avec sonde g\u00e9othermique vers fin 2026 &#8211; d\u00e9but 2027.<\/li>\n<li>Abri \u00e0 v\u00e9los couvert<\/li>\n<\/ul>\n<p>&nbsp;<\/p>\n<p>&nbsp;<\/p>\n<p>&nbsp;<\/p>\n<h3><\/h3>\n<h3>Zollikofen<\/h3>\n<p>Mots-cl\u00e9s :<img loading=\"lazy\" decoding=\"async\" class=\"size-medium wp-image-828 alignright\" src=\"https:\/\/www.fondationcasafair.ch\/wp-content\/uploads\/2025\/03\/Haus-Zollikofen-300x169.jpg\" alt=\"\" width=\"300\" height=\"169\" srcset=\"https:\/\/www.fondationcasafair.ch\/wp-content\/uploads\/2025\/03\/Haus-Zollikofen-300x169.jpg 300w, https:\/\/www.fondationcasafair.ch\/wp-content\/uploads\/2025\/03\/Haus-Zollikofen-1024x576.jpg 1024w, https:\/\/www.fondationcasafair.ch\/wp-content\/uploads\/2025\/03\/Haus-Zollikofen-768x432.jpg 768w, https:\/\/www.fondationcasafair.ch\/wp-content\/uploads\/2025\/03\/Haus-Zollikofen.jpg 1417w\" sizes=\"auto, (max-width: 300px) 100vw, 300px\" \/><\/p>\n<ul>\n<li>Immeuble collectif avec 6 appartements et jardin.<br \/>\nAnn\u00e9e de construction : 1957<\/li>\n<li>3 appartements \u00e0 3 1\/2 pi\u00e8ces avec terrasse ou balcon \/ 67 m2 ; 3 appartements \u00e0 4 1\/2 pi\u00e8ces avec terrasse ou balcon \/ 84 m2<\/li>\n<li>Loyers nets : entre CHF 1&#8217;110.- et 1&#8217;325.-, frais accessoires entre 180.- et 230.-.<\/li>\n<li>La fa\u00e7ade est l\u00e9g\u00e8rement isol\u00e9e.<\/li>\n<li>Le plafond de la cave et le toit ont \u00e9t\u00e9 isol\u00e9s. Chauffage : pompe \u00e0 chaleur avec sonde g\u00e9othermiqueKellerdecke und Dach sind ged\u00e4mmt. Heizung: W\u00e4rmepumpe mit Erdsonde<\/li>\n<li>Abri \u00e0 v\u00e9los couvert, places de stationnement<\/li>\n<\/ul>\n","protected":false},"excerpt":{"rendered":"<p>Des biens immobiliers dans le canton de Berne Bern, Breitenrain Mots-cl\u00e9s : Immeuble collectif avec 18 appartements et jardin. Ann\u00e9e de construction : 1953 6 appartements \u00e0 1,5 pi\u00e8ces (pi\u00e8ces 38 m2) 6 app. \u00e0 2,5 pi\u00e8ces (68 m2) et &hellip; <a href=\"https:\/\/www.fondationcasafair.ch\/fr\/immeubles\/biens-immobilies\/canton-de-berne\/\">Lire la suite <span class=\"meta-nav\">&rarr;<\/span><\/a><\/p>\n","protected":false},"author":2,"featured_media":738,"parent":840,"menu_order":0,"comment_status":"closed","ping_status":"closed","template":"","meta":{"_acf_changed":false,"footnotes":""},"class_list":["post-864","page","type-page","status-publish","has-post-thumbnail","hentry","has-featured-image"],"acf":[],"yoast_head":"<!-- This site is optimized with the Yoast SEO plugin v27.3 - https:\/\/yoast.com\/product\/yoast-seo-wordpress\/ -->\n<title>Canton de Berne - Fondation Casafair<\/title>\n<meta name=\"robots\" content=\"index, follow, max-snippet:-1, max-image-preview:large, max-video-preview:-1\" \/>\n<link rel=\"canonical\" href=\"https:\/\/www.fondationcasafair.ch\/fr\/immeubles\/biens-immobilies\/canton-de-berne\/\" \/>\n<meta property=\"og:locale\" content=\"fr_FR\" \/>\n<meta property=\"og:type\" content=\"article\" \/>\n<meta property=\"og:title\" content=\"Canton de Berne - Fondation Casafair\" \/>\n<meta property=\"og:description\" content=\"Des biens immobiliers dans le canton de Berne Bern, Breitenrain Mots-cl\u00e9s : Immeuble collectif avec 18 appartements et jardin. Ann\u00e9e de construction : 1953 6 appartements \u00e0 1,5 pi\u00e8ces (pi\u00e8ces 38 m2) 6 app. \u00e0 2,5 pi\u00e8ces (68 m2) et &hellip; Lire la suite &rarr;\" \/>\n<meta property=\"og:url\" content=\"https:\/\/www.fondationcasafair.ch\/fr\/immeubles\/biens-immobilies\/canton-de-berne\/\" \/>\n<meta property=\"og:site_name\" content=\"Fondation Casafair\" \/>\n<meta property=\"article:modified_time\" content=\"2026-04-24T14:05:38+00:00\" \/>\n<meta property=\"og:image\" content=\"https:\/\/www.fondationcasafair.ch\/wp-content\/uploads\/2023\/11\/04052012335-scaled.jpg\" \/>\n\t<meta property=\"og:image:width\" content=\"2560\" \/>\n\t<meta property=\"og:image:height\" content=\"1439\" \/>\n\t<meta property=\"og:image:type\" content=\"image\/jpeg\" \/>\n<meta name=\"twitter:card\" content=\"summary_large_image\" \/>\n<meta name=\"twitter:label1\" content=\"Est. reading time\" \/>\n\t<meta name=\"twitter:data1\" content=\"3 minutes\" \/>\n<script type=\"application\/ld+json\" class=\"yoast-schema-graph\">{\"@context\":\"https:\\\/\\\/schema.org\",\"@graph\":[{\"@type\":\"WebPage\",\"@id\":\"https:\\\/\\\/www.fondationcasafair.ch\\\/fr\\\/immeubles\\\/biens-immobilies\\\/canton-de-berne\\\/\",\"url\":\"https:\\\/\\\/www.fondationcasafair.ch\\\/fr\\\/immeubles\\\/biens-immobilies\\\/canton-de-berne\\\/\",\"name\":\"Canton de Berne - Fondation Casafair\",\"isPartOf\":{\"@id\":\"https:\\\/\\\/www.fondationcasafair.ch\\\/fr\\\/#website\"},\"primaryImageOfPage\":{\"@id\":\"https:\\\/\\\/www.fondationcasafair.ch\\\/fr\\\/immeubles\\\/biens-immobilies\\\/canton-de-berne\\\/#primaryimage\"},\"image\":{\"@id\":\"https:\\\/\\\/www.fondationcasafair.ch\\\/fr\\\/immeubles\\\/biens-immobilies\\\/canton-de-berne\\\/#primaryimage\"},\"thumbnailUrl\":\"https:\\\/\\\/www.fondationcasafair.ch\\\/wp-content\\\/uploads\\\/2023\\\/11\\\/04052012335-scaled.jpg\",\"datePublished\":\"2025-03-27T14:13:12+00:00\",\"dateModified\":\"2026-04-24T14:05:38+00:00\",\"breadcrumb\":{\"@id\":\"https:\\\/\\\/www.fondationcasafair.ch\\\/fr\\\/immeubles\\\/biens-immobilies\\\/canton-de-berne\\\/#breadcrumb\"},\"inLanguage\":\"fr-FR\",\"potentialAction\":[{\"@type\":\"ReadAction\",\"target\":[\"https:\\\/\\\/www.fondationcasafair.ch\\\/fr\\\/immeubles\\\/biens-immobilies\\\/canton-de-berne\\\/\"]}]},{\"@type\":\"ImageObject\",\"inLanguage\":\"fr-FR\",\"@id\":\"https:\\\/\\\/www.fondationcasafair.ch\\\/fr\\\/immeubles\\\/biens-immobilies\\\/canton-de-berne\\\/#primaryimage\",\"url\":\"https:\\\/\\\/www.fondationcasafair.ch\\\/wp-content\\\/uploads\\\/2023\\\/11\\\/04052012335-scaled.jpg\",\"contentUrl\":\"https:\\\/\\\/www.fondationcasafair.ch\\\/wp-content\\\/uploads\\\/2023\\\/11\\\/04052012335-scaled.jpg\",\"width\":2560,\"height\":1439},{\"@type\":\"BreadcrumbList\",\"@id\":\"https:\\\/\\\/www.fondationcasafair.ch\\\/fr\\\/immeubles\\\/biens-immobilies\\\/canton-de-berne\\\/#breadcrumb\",\"itemListElement\":[{\"@type\":\"ListItem\",\"position\":1,\"name\":\"Startseite\",\"item\":\"https:\\\/\\\/www.fondationcasafair.ch\\\/fr\\\/\"},{\"@type\":\"ListItem\",\"position\":2,\"name\":\"Immeubles\",\"item\":\"https:\\\/\\\/www.fondationcasafair.ch\\\/fr\\\/immeubles\\\/\"},{\"@type\":\"ListItem\",\"position\":3,\"name\":\"Biens immobilies\",\"item\":\"https:\\\/\\\/www.fondationcasafair.ch\\\/fr\\\/liegenschaften\\\/immobilien\\\/\"},{\"@type\":\"ListItem\",\"position\":4,\"name\":\"Canton de Berne\"}]},{\"@type\":\"WebSite\",\"@id\":\"https:\\\/\\\/www.fondationcasafair.ch\\\/fr\\\/#website\",\"url\":\"https:\\\/\\\/www.fondationcasafair.ch\\\/fr\\\/\",\"name\":\"Stiftung Fondation Casafair\",\"description\":\"\",\"publisher\":{\"@id\":\"https:\\\/\\\/www.fondationcasafair.ch\\\/fr\\\/#organization\"},\"potentialAction\":[{\"@type\":\"SearchAction\",\"target\":{\"@type\":\"EntryPoint\",\"urlTemplate\":\"https:\\\/\\\/www.fondationcasafair.ch\\\/fr\\\/?s={search_term_string}\"},\"query-input\":{\"@type\":\"PropertyValueSpecification\",\"valueRequired\":true,\"valueName\":\"search_term_string\"}}],\"inLanguage\":\"fr-FR\"},{\"@type\":\"Organization\",\"@id\":\"https:\\\/\\\/www.fondationcasafair.ch\\\/fr\\\/#organization\",\"name\":\"Stiftung Fondation Casafair\",\"url\":\"https:\\\/\\\/www.fondationcasafair.ch\\\/fr\\\/\",\"logo\":{\"@type\":\"ImageObject\",\"inLanguage\":\"fr-FR\",\"@id\":\"https:\\\/\\\/www.fondationcasafair.ch\\\/fr\\\/#\\\/schema\\\/logo\\\/image\\\/\",\"url\":\"https:\\\/\\\/www.fondationcasafair.ch\\\/wp-content\\\/uploads\\\/2023\\\/10\\\/fondation_casafair_rostrot_c_einzeilig.svg\",\"contentUrl\":\"https:\\\/\\\/www.fondationcasafair.ch\\\/wp-content\\\/uploads\\\/2023\\\/10\\\/fondation_casafair_rostrot_c_einzeilig.svg\",\"caption\":\"Stiftung Fondation Casafair\"},\"image\":{\"@id\":\"https:\\\/\\\/www.fondationcasafair.ch\\\/fr\\\/#\\\/schema\\\/logo\\\/image\\\/\"}}]}<\/script>\n<!-- \/ Yoast SEO plugin. -->","yoast_head_json":{"title":"Canton de Berne - Fondation Casafair","robots":{"index":"index","follow":"follow","max-snippet":"max-snippet:-1","max-image-preview":"max-image-preview:large","max-video-preview":"max-video-preview:-1"},"canonical":"https:\/\/www.fondationcasafair.ch\/fr\/immeubles\/biens-immobilies\/canton-de-berne\/","og_locale":"fr_FR","og_type":"article","og_title":"Canton de Berne - Fondation Casafair","og_description":"Des biens immobiliers dans le canton de Berne Bern, Breitenrain Mots-cl\u00e9s : Immeuble collectif avec 18 appartements et jardin. Ann\u00e9e de construction : 1953 6 appartements \u00e0 1,5 pi\u00e8ces (pi\u00e8ces 38 m2) 6 app. \u00e0 2,5 pi\u00e8ces (68 m2) et &hellip; Lire la suite &rarr;","og_url":"https:\/\/www.fondationcasafair.ch\/fr\/immeubles\/biens-immobilies\/canton-de-berne\/","og_site_name":"Fondation Casafair","article_modified_time":"2026-04-24T14:05:38+00:00","og_image":[{"width":2560,"height":1439,"url":"https:\/\/www.fondationcasafair.ch\/wp-content\/uploads\/2023\/11\/04052012335-scaled.jpg","type":"image\/jpeg"}],"twitter_card":"summary_large_image","twitter_misc":{"Est. reading time":"3 minutes"},"schema":{"@context":"https:\/\/schema.org","@graph":[{"@type":"WebPage","@id":"https:\/\/www.fondationcasafair.ch\/fr\/immeubles\/biens-immobilies\/canton-de-berne\/","url":"https:\/\/www.fondationcasafair.ch\/fr\/immeubles\/biens-immobilies\/canton-de-berne\/","name":"Canton de Berne - Fondation Casafair","isPartOf":{"@id":"https:\/\/www.fondationcasafair.ch\/fr\/#website"},"primaryImageOfPage":{"@id":"https:\/\/www.fondationcasafair.ch\/fr\/immeubles\/biens-immobilies\/canton-de-berne\/#primaryimage"},"image":{"@id":"https:\/\/www.fondationcasafair.ch\/fr\/immeubles\/biens-immobilies\/canton-de-berne\/#primaryimage"},"thumbnailUrl":"https:\/\/www.fondationcasafair.ch\/wp-content\/uploads\/2023\/11\/04052012335-scaled.jpg","datePublished":"2025-03-27T14:13:12+00:00","dateModified":"2026-04-24T14:05:38+00:00","breadcrumb":{"@id":"https:\/\/www.fondationcasafair.ch\/fr\/immeubles\/biens-immobilies\/canton-de-berne\/#breadcrumb"},"inLanguage":"fr-FR","potentialAction":[{"@type":"ReadAction","target":["https:\/\/www.fondationcasafair.ch\/fr\/immeubles\/biens-immobilies\/canton-de-berne\/"]}]},{"@type":"ImageObject","inLanguage":"fr-FR","@id":"https:\/\/www.fondationcasafair.ch\/fr\/immeubles\/biens-immobilies\/canton-de-berne\/#primaryimage","url":"https:\/\/www.fondationcasafair.ch\/wp-content\/uploads\/2023\/11\/04052012335-scaled.jpg","contentUrl":"https:\/\/www.fondationcasafair.ch\/wp-content\/uploads\/2023\/11\/04052012335-scaled.jpg","width":2560,"height":1439},{"@type":"BreadcrumbList","@id":"https:\/\/www.fondationcasafair.ch\/fr\/immeubles\/biens-immobilies\/canton-de-berne\/#breadcrumb","itemListElement":[{"@type":"ListItem","position":1,"name":"Startseite","item":"https:\/\/www.fondationcasafair.ch\/fr\/"},{"@type":"ListItem","position":2,"name":"Immeubles","item":"https:\/\/www.fondationcasafair.ch\/fr\/immeubles\/"},{"@type":"ListItem","position":3,"name":"Biens immobilies","item":"https:\/\/www.fondationcasafair.ch\/fr\/liegenschaften\/immobilien\/"},{"@type":"ListItem","position":4,"name":"Canton de Berne"}]},{"@type":"WebSite","@id":"https:\/\/www.fondationcasafair.ch\/fr\/#website","url":"https:\/\/www.fondationcasafair.ch\/fr\/","name":"Stiftung Fondation Casafair","description":"","publisher":{"@id":"https:\/\/www.fondationcasafair.ch\/fr\/#organization"},"potentialAction":[{"@type":"SearchAction","target":{"@type":"EntryPoint","urlTemplate":"https:\/\/www.fondationcasafair.ch\/fr\/?s={search_term_string}"},"query-input":{"@type":"PropertyValueSpecification","valueRequired":true,"valueName":"search_term_string"}}],"inLanguage":"fr-FR"},{"@type":"Organization","@id":"https:\/\/www.fondationcasafair.ch\/fr\/#organization","name":"Stiftung Fondation Casafair","url":"https:\/\/www.fondationcasafair.ch\/fr\/","logo":{"@type":"ImageObject","inLanguage":"fr-FR","@id":"https:\/\/www.fondationcasafair.ch\/fr\/#\/schema\/logo\/image\/","url":"https:\/\/www.fondationcasafair.ch\/wp-content\/uploads\/2023\/10\/fondation_casafair_rostrot_c_einzeilig.svg","contentUrl":"https:\/\/www.fondationcasafair.ch\/wp-content\/uploads\/2023\/10\/fondation_casafair_rostrot_c_einzeilig.svg","caption":"Stiftung Fondation Casafair"},"image":{"@id":"https:\/\/www.fondationcasafair.ch\/fr\/#\/schema\/logo\/image\/"}}]}},"_links":{"self":[{"href":"https:\/\/www.fondationcasafair.ch\/fr\/wp-json\/wp\/v2\/pages\/864","targetHints":{"allow":["GET"]}}],"collection":[{"href":"https:\/\/www.fondationcasafair.ch\/fr\/wp-json\/wp\/v2\/pages"}],"about":[{"href":"https:\/\/www.fondationcasafair.ch\/fr\/wp-json\/wp\/v2\/types\/page"}],"author":[{"embeddable":true,"href":"https:\/\/www.fondationcasafair.ch\/fr\/wp-json\/wp\/v2\/users\/2"}],"replies":[{"embeddable":true,"href":"https:\/\/www.fondationcasafair.ch\/fr\/wp-json\/wp\/v2\/comments?post=864"}],"version-history":[{"count":2,"href":"https:\/\/www.fondationcasafair.ch\/fr\/wp-json\/wp\/v2\/pages\/864\/revisions"}],"predecessor-version":[{"id":937,"href":"https:\/\/www.fondationcasafair.ch\/fr\/wp-json\/wp\/v2\/pages\/864\/revisions\/937"}],"up":[{"embeddable":true,"href":"https:\/\/www.fondationcasafair.ch\/fr\/wp-json\/wp\/v2\/pages\/840"}],"wp:featuredmedia":[{"embeddable":true,"href":"https:\/\/www.fondationcasafair.ch\/fr\/wp-json\/wp\/v2\/media\/738"}],"wp:attachment":[{"href":"https:\/\/www.fondationcasafair.ch\/fr\/wp-json\/wp\/v2\/media?parent=864"}],"curies":[{"name":"wp","href":"https:\/\/api.w.org\/{rel}","templated":true}]}}